{"id":16,"date":"2026-05-22T15:25:07","date_gmt":"2026-05-22T15:25:07","guid":{"rendered":"https:\/\/www.beaupeyrat.info\/slemeu\/education\/"},"modified":"2026-05-25T18:24:49","modified_gmt":"2026-05-25T18:24:49","slug":"parcours","status":"publish","type":"page","link":"https:\/\/www.beaupeyrat.info\/slemeu\/parcours\/","title":{"rendered":"Parcours"},"content":{"rendered":"\t\t<div data-elementor-type=\"wp-page\" data-elementor-id=\"16\" class=\"elementor elementor-16\">\n\t\t\t\t<div class=\"elementor-element elementor-element-9ad7d75 e-flex e-con-boxed e-con e-parent\" data-id=\"9ad7d75\" data-element_type=\"container\" data-e-type=\"container\" data-settings=\"{&quot;background_background&quot;:&quot;classic&quot;}\">\n\t\t\t\t\t<div class=\"e-con-inner\">\n\t\t<div class=\"elementor-element elementor-element-e3006c8 e-con-full e-flex e-con e-child\" data-id=\"e3006c8\" data-element_type=\"container\" data-e-type=\"container\">\n\t\t\t\t<div class=\"elementor-element elementor-element-5c2104a elementor-widget elementor-widget-heading\" data-id=\"5c2104a\" data-element_type=\"widget\" data-e-type=\"widget\" data-widget_type=\"heading.default\">\n\t\t\t\t\t<h2 class=\"elementor-heading-title elementor-size-default\">Mon parcours<\/h2>\t\t\t\t<\/div>\n\t\t\t\t<div class=\"elementor-element elementor-element-0ac13d9 elementor-widget elementor-widget-text-editor\" data-id=\"0ac13d9\" data-element_type=\"widget\" data-e-type=\"widget\" data-widget_type=\"text-editor.default\">\n\t\t\t\t\t\t\t\t\t<p data-start=\"420\" data-end=\"658\">\u202fCet espace retrace les moments importants de mon parcours, entre \u00e9tudes et exp\u00e9riences personnelles. Chaque \u00e9tape m\u2019a apport\u00e9 quelque chose et m\u2019a aid\u00e9 \u00e0 progresser<\/p>\t\t\t\t\t\t\t\t<\/div>\n\t\t\t\t<\/div>\n\t\t\t\t\t<\/div>\n\t\t\t\t<\/div>\n\t\t<div class=\"elementor-element elementor-element-8cceaa4 e-flex e-con-boxed e-con e-parent\" data-id=\"8cceaa4\" data-element_type=\"container\" data-e-type=\"container\" data-settings=\"{&quot;background_background&quot;:&quot;classic&quot;}\">\n\t\t\t\t\t<div class=\"e-con-inner\">\n\t\t<div class=\"elementor-element elementor-element-76e2a1e e-con-full e-flex e-con e-child\" data-id=\"76e2a1e\" data-element_type=\"container\" data-e-type=\"container\">\n\t\t\t\t<div class=\"elementor-element elementor-element-86837cf elementor-widget elementor-widget-heading\" data-id=\"86837cf\" data-element_type=\"widget\" data-e-type=\"widget\" data-widget_type=\"heading.default\">\n\t\t\t\t\t<h2 class=\"elementor-heading-title elementor-size-default\">Mon Parcours Acad\u00e9mique<\/h2>\t\t\t\t<\/div>\n\t\t\t\t<div class=\"elementor-element elementor-element-f1d9bd3 elementor-widget elementor-widget-text-editor\" data-id=\"f1d9bd3\" data-element_type=\"widget\" data-e-type=\"widget\" data-widget_type=\"text-editor.default\">\n\t\t\t\t\t\t\t\t\t<p data-start=\"420\" data-end=\"658\">J\u2019ai obtenu un baccalaur\u00e9at g\u00e9n\u00e9ral en 2022. J\u2019ai ensuite poursuivi en licence d\u2019Administration \u00c9conomique et Sociale pendant deux ann\u00e9es, ce qui m\u2019a permis de d\u00e9velopper des comp\u00e9tences en analyse, en organisation et en travail autonome.<\/p><p data-start=\"660\" data-end=\"866\">Par la suite, j\u2019ai choisi de me r\u00e9orienter vers un BTS Services Informatiques aux Organisations (SIO), option SLAM, afin de me sp\u00e9cialiser dans le d\u00e9veloppement informatique et la conception d\u2019applications.<\/p><p data-start=\"868\" data-end=\"1245\">Cette formation m\u2019a permis d\u2019acqu\u00e9rir et de renforcer des comp\u00e9tences techniques en d\u00e9veloppement web (HTML, CSS, JavaScript, PHP) ainsi qu\u2019en gestion de bases de donn\u00e9es (SQL). J\u2019ai \u00e9galement eu l\u2019occasion de travailler sur diff\u00e9rents projets, ce qui m\u2019a permis de d\u00e9couvrir les m\u00e9thodes de gestion de projet et le travail en \u00e9quipe dans un contexte de d\u00e9veloppement logiciel.<\/p>\t\t\t\t\t\t\t\t<\/div>\n\t\t\t\t<\/div>\n\t\t<div class=\"elementor-element elementor-element-c85416d e-con-full e-flex e-con e-child\" data-id=\"c85416d\" data-element_type=\"container\" data-e-type=\"container\">\n\t\t\t\t<div class=\"elementor-element elementor-element-9e9b6e3 elementor-widget elementor-widget-heading\" data-id=\"9e9b6e3\" data-element_type=\"widget\" data-e-type=\"widget\" data-widget_type=\"heading.default\">\n\t\t\t\t\t<h2 class=\"elementor-heading-title elementor-size-default\">Mes Activit\u00e9s Extrascolaire<\/h2>\t\t\t\t<\/div>\n\t\t\t\t<div class=\"elementor-element elementor-element-7593af4 elementor-widget elementor-widget-text-editor\" data-id=\"7593af4\" data-element_type=\"widget\" data-e-type=\"widget\" data-widget_type=\"text-editor.default\">\n\t\t\t\t\t\t\t\t\t<p data-start=\"338\" data-end=\"653\">Mes activit\u00e9s extrascolaires m\u2019ont permis de d\u00e9velopper plusieurs comp\u00e9tences utiles dans le cadre de ma formation. J\u2019ai pratiqu\u00e9 le football en club pendant pr\u00e8s de dix ans, ce qui m\u2019a apport\u00e9 un bon esprit d\u2019\u00e9quipe, de la discipline ainsi qu\u2019une capacit\u00e9 \u00e0 m\u2019investir sur le long terme dans un objectif collectif.<\/p><p data-start=\"655\" data-end=\"821\">J\u2019ai \u00e9galement pratiqu\u00e9 le rugby pendant un an, une exp\u00e9rience qui m\u2019a permis de d\u00e9velopper mon adaptabilit\u00e9 et ma capacit\u00e9 \u00e0 collaborer dans un nouvel environnement.<\/p><p data-start=\"823\" data-end=\"1088\">En parall\u00e8le de ma licence en Administration \u00c9conomique et Sociale, j\u2019ai \u00e9t\u00e9 r\u00e9serviste militaire pendant un an et demi. Cette exp\u00e9rience m\u2019a permis de d\u00e9velopper ma rigueur, mon sens des responsabilit\u00e9s et ma capacit\u00e9 \u00e0 \u00e9voluer dans un cadre exigeant et structur\u00e9.<\/p><p data-start=\"1090\" data-end=\"1263\">Enfin, j\u2019ai d\u00e9couvert le tennis de table de mani\u00e8re non officielle pendant environ un an et demi, ce qui m\u2019a permis de renforcer ma concentration, ma r\u00e9activit\u00e9 et mon adaptabilit\u00e9.<\/p>\t\t\t\t\t\t\t\t<\/div>\n\t\t\t\t<\/div>\n\t\t\t\t\t<\/div>\n\t\t\t\t<\/div>\n\t\t\t\t<\/div>\n\t\t","protected":false},"excerpt":{"rendered":"<p>Mon parcours \u202fCet espace retrace les moments importants de mon parcours, entre \u00e9tudes et exp\u00e9riences personnelles. Chaque \u00e9tape m\u2019a apport\u00e9 quelque chose et m\u2019a aid\u00e9 \u00e0 progresser Mon Parcours Acad\u00e9mique J\u2019ai obtenu un baccalaur\u00e9at g\u00e9n\u00e9ral en 2022. J\u2019ai ensuite poursuivi en licence d\u2019Administration \u00c9conomique et Sociale pendant deux ann\u00e9es, ce qui m\u2019a permis de d\u00e9velopper [&hellip;]<\/p>\n","protected":false},"author":1,"featured_media":0,"parent":0,"menu_order":0,"comment_status":"closed","ping_status":"closed","template":"","meta":{"footnotes":""},"class_list":["post-16","page","type-page","status-publish","hentry"],"_links":{"self":[{"href":"https:\/\/www.beaupeyrat.info\/slemeu\/wp-json\/wp\/v2\/pages\/16","targetHints":{"allow":["GET"]}}],"collection":[{"href":"https:\/\/www.beaupeyrat.info\/slemeu\/wp-json\/wp\/v2\/pages"}],"about":[{"href":"https:\/\/www.beaupeyrat.info\/slemeu\/wp-json\/wp\/v2\/types\/page"}],"author":[{"embeddable":true,"href":"https:\/\/www.beaupeyrat.info\/slemeu\/wp-json\/wp\/v2\/users\/1"}],"replies":[{"embeddable":true,"href":"https:\/\/www.beaupeyrat.info\/slemeu\/wp-json\/wp\/v2\/comments?post=16"}],"version-history":[{"count":26,"href":"https:\/\/www.beaupeyrat.info\/slemeu\/wp-json\/wp\/v2\/pages\/16\/revisions"}],"predecessor-version":[{"id":315,"href":"https:\/\/www.beaupeyrat.info\/slemeu\/wp-json\/wp\/v2\/pages\/16\/revisions\/315"}],"wp:attachment":[{"href":"https:\/\/www.beaupeyrat.info\/slemeu\/wp-json\/wp\/v2\/media?parent=16"}],"curies":[{"name":"wp","href":"https:\/\/api.w.org\/{rel}","templated":true}]}}